{"id":10168,"date":"2026-04-09T08:05:35","date_gmt":"2026-04-09T06:05:35","guid":{"rendered":"https:\/\/torinoebraica.it\/evento\/marcia-emanuele-artom-2026\/"},"modified":"2026-04-15T09:53:57","modified_gmt":"2026-04-15T07:53:57","slug":"marcia-artom-2026","status":"publish","type":"evento","link":"https:\/\/torinoebraica.it\/en\/evento\/marcia-artom-2026\/","title":{"rendered":"Marcia Emanuele Artom 2026"},"content":{"rendered":"<p>Le Comunit\u00e0 Ebraiche di Torino, di Casale Monferrato e Vercelli e la Comunit\u00e0 di Sant\u2019Egidio vogliono ricordare, come ogni anno, l\u2019importante figura del partigiano <strong>Emanuele Artom<\/strong>, morto a Torino il 7 aprile 1944.<br \/>\nEmanuele Artom, nato nel 1915, fu uno storico e partigiano ebreo.<br \/>\nEscluso dall\u2019insegnamento a causa delle leggi razziali del 1938, si avvicin\u00f2 alla Resistenza e nel 1943 si un\u00ec alle brigate Giustizia e Libert\u00e0, operando in Piemonte come commissario politico. Arrestato nel marzo 1944, venne torturato dai fascisti senza mai tradire i suoi compagni e mor\u00ec in prigione. Il suo <em>Diario<\/em>, scritto tra il 1943 e il 1944, rimane una preziosa testimonianza sulla Resistenza e sulle persecuzioni razziali in Italia.<br \/>\nLa manifestazione coinvolge le scuole e i giovani studenti, che quest\u2019anno potranno riflettere sul tema: <strong>&#8220;Confronto, rispetto e dialogo per un sogno comune: a 80 anni dalla Costituzione della Repubblica&#8221;<\/strong>.<br \/>\nLa Marcia avr\u00e0 luogo <u>mercoled\u00ec 15 aprile 2026 alle ore 11.00<\/u> con partenza dalla Stazione di Porta Nuova, presso la lapide dedicata ai deportati al binario 17 e terminer\u00e0 passando davanti alla Scuola Ebraica a lui intitolata e concludendosi in Piazzetta Primo Levi.<br \/>\nNella piazzetta antistante la Sinagoga si terranno gli interventi delle Autorit\u00e0, di rappresentanze di studenti delle scuole torinesi e delle Comunit\u00e0 Ebraiche e di Sant\u2019Egidio.<\/p>\n<p>Disponibile la <span style=\"color: #3d70a4;\"><strong><a style=\"color: #3d70a4;\" href=\"https:\/\/torinoebraica.it\/wp-content\/uploads\/2025\/09\/04.15_Marcia-Artom-2025-loghi.pdf\" target=\"_blank\" rel=\"noopener\">Locandina<\/a> <\/strong><\/span>dell&#8217;evento.<\/p>\n","protected":false},"excerpt":{"rendered":"<p>Stazione Porta Nuova &#8211; Piazzetta Primo Levi &#8211; mercoled\u00ec 15.04.2026 11:00<\/p>\n","protected":false},"featured_media":10025,"template":"","meta":{"_acf_changed":false},"event_category":[110,111],"ente":[],"class_list":["post-10168","evento","type-evento","status-publish","has-post-thumbnail","hentry","event_category-events-in-turin","event_category-community-events"],"acf":[],"_links":{"self":[{"href":"https:\/\/torinoebraica.it\/en\/wp-json\/wp\/v2\/evento\/10168","targetHints":{"allow":["GET"]}}],"collection":[{"href":"https:\/\/torinoebraica.it\/en\/wp-json\/wp\/v2\/evento"}],"about":[{"href":"https:\/\/torinoebraica.it\/en\/wp-json\/wp\/v2\/types\/evento"}],"wp:featuredmedia":[{"embeddable":true,"href":"https:\/\/torinoebraica.it\/en\/wp-json\/wp\/v2\/media\/10025"}],"wp:attachment":[{"href":"https:\/\/torinoebraica.it\/en\/wp-json\/wp\/v2\/media?parent=10168"}],"wp:term":[{"taxonomy":"event_category","embeddable":true,"href":"https:\/\/torinoebraica.it\/en\/wp-json\/wp\/v2\/event_category?post=10168"},{"taxonomy":"ente","embeddable":true,"href":"https:\/\/torinoebraica.it\/en\/wp-json\/wp\/v2\/ente?post=10168"}],"curies":[{"name":"wp","href":"https:\/\/api.w.org\/{rel}","templated":true}]}}